 
{"version":"1.0","provider_name":"Catch-art","provider_url":"https:\/\/catchart.be\/en\/","author_name":"Yann Balbaert","author_url":"https:\/\/catchart.be\/en\/author\/yann\/","title":"D\u00e9dicace du premier livre \u00abVivances\u00bb de l'artiste Cynthia Evers aux Editions Baxton","type":"rich","width":600,"height":338,"html":"<blockquote class=\"wp-embedded-content\" data-secret=\"E6rizNPnBP\"><a href=\"https:\/\/catchart.be\/en\/experiences\/dedicacelivrevivances\/\">D\u00e9dicace du premier livre \u00abVivances\u00bb de l&#8217;artiste Cynthia Evers aux Editions Baxton<\/a><\/blockquote><iframe sandbox=\"allow-scripts\" security=\"restricted\" src=\"https:\/\/catchart.be\/en\/experiences\/dedicacelivrevivances\/embed\/#?secret=E6rizNPnBP\" width=\"600\" height=\"338\" title=\"&#8220;D\u00e9dicace du premier livre \u00abVivances\u00bb de l&#8217;artiste Cynthia Evers aux Editions Baxton&#8221; &#8212; Catch-art\" data-secret=\"E6rizNPnBP\" frameborder=\"0\" marginwidth=\"0\" marginheight=\"0\" scrolling=\"no\" class=\"wp-embedded-content\"><\/iframe><script type=\"text\/javascript\">\n\/* <![CDATA[ *\/\n\/*! This file is auto-generated *\/\n!function(d,l){\"use strict\";l.querySelector&&d.addEventListener&&\"undefined\"!=typeof URL&&(d.wp=d.wp||{},d.wp.receiveEmbedMessage||(d.wp.receiveEmbedMessage=function(e){var t=e.data;if((t||t.secret||t.message||t.value)&&!\/[^a-zA-Z0-9]\/.test(t.secret)){for(var s,r,n,a=l.querySelectorAll('iframe[data-secret=\"'+t.secret+'\"]'),o=l.querySelectorAll('blockquote[data-secret=\"'+t.secret+'\"]'),c=new RegExp(\"^https?:$\",\"i\"),i=0;i<o.length;i++)o[i].style.display=\"none\";for(i=0;i<a.length;i++)s=a[i],e.source===s.contentWindow&&(s.removeAttribute(\"style\"),\"height\"===t.message?(1e3<(r=parseInt(t.value,10))?r=1e3:~~r<200&&(r=200),s.height=r):\"link\"===t.message&&(r=new URL(s.getAttribute(\"src\")),n=new URL(t.value),c.test(n.protocol))&&n.host===r.host&&l.activeElement===s&&(d.top.location.href=t.value))}},d.addEventListener(\"message\",d.wp.receiveEmbedMessage,!1),l.addEventListener(\"DOMContentLoaded\",function(){for(var e,t,s=l.querySelectorAll(\"iframe.wp-embedded-content\"),r=0;r<s.length;r++)(t=(e=s[r]).getAttribute(\"data-secret\"))||(t=Math.random().toString(36).substring(2,12),e.src+=\"#?secret=\"+t,e.setAttribute(\"data-secret\",t)),e.contentWindow.postMessage({message:\"ready\",secret:t},\"*\")},!1)))}(window,document);\n\/* ]]> *\/\n<\/script>\n","description":"L&#8217;artiste sera pr\u00e9sente de 11h30 \u00e0 17h00 pour vous pr\u00e9senter et signer son livre. Une s\u00e9lection de ses tableaux sera \u00e9galement pr\u00e9sente. Un verre de bienvenue vous sera \u00e9videmment offert. Au plaisir de vous accueillir ! Les \u00e9quipes des \u00e9ditions Baxton et de Catch-Art"}